{"id":15,"date":"2017-01-19T19:39:42","date_gmt":"2017-01-19T19:39:42","guid":{"rendered":"http:\/\/www.gkvitkovice.cz\/Gimg-classalignleft-srchttpb-wz-czuploadzzkusebni1olda_borec_cz201204logo-jpg-alt.html"},"modified":"2026-03-26T09:22:45","modified_gmt":"2026-03-26T09:22:45","slug":"gimg-classalignleft-srchttpb-wz-czuploadzzkusebni1olda_borec_cz201204logo-jpg-alt","status":"publish","type":"page","link":"https:\/\/gkvitkovice.cz\/?page_id=15","title":{"rendered":"Historie klubu"},"content":{"rendered":"<div id=\"fb-root\">&nbsp;<\/div>\n<p><script type=\"text\/javascript\"> \/\/<![CDATA[ (function(d, s, id) { var js, fjs = d.getElementsByTagName(s)[0]; if (d.getElementById(id)) return; js = d.createElement(s); js.id = id; js.src = \"\/\/connect.facebook.net\/cs_CZ\/sdk.js#xfbml=1&#038;version=v2.5\"; fjs.parentNode.insertBefore(js, fjs); }(document, 'script', 'facebook-jssdk')); \/\/]]> <\/script><\/p>\n<p><strong>Gymnastick\u00fd klub V\u00edtkovice<\/strong> byl zalo\u017een v roce <strong>1964<\/strong> jako sou\u010d\u00e1st mimo\u0161koln\u00ed sportovn\u00ed v\u00fdchovy St\u0159edn\u00edho odborn\u00e9ho u\u010dili\u0161t\u011b V\u00edtkovice. Postupn\u011b se vypracoval mezi p\u0159edn\u00ed odd\u00edly ud\u00e1vaj\u00edc\u00ed r\u00e1z d\u011bn\u00ed ve sportovn\u00ed gymnastice v \u010ceskoslovensku a dnes v \u010cesk\u00e9 republice. Gymnastick\u00fd klub V\u00edtkovice je pokra\u010dovatelem gymnastick\u00e9ho odd\u00edlu TJ V\u00edtkovice a gymnastick\u00e9ho klubu SSK V\u00edtkovice, kter\u00fd ji\u017e v\u00edce ne\u017e 40 let sdru\u017euje ve sv\u00fdch \u0159ad\u00e1ch nejlep\u0161\u00ed z\u00e1vodnice a z\u00e1vodn\u00edky ve sportovn\u00ed gymnastice na \u00fazem\u00ed m\u011bsta Ostravy.<\/p>\n<p><strong>Vyrostli zde gymnast\u00e9, kte\u0159\u00ed se z\u00fa\u010dastnili nejv\u00fdznamn\u011bj\u0161\u00edch evropsk\u00fdch a sv\u011btov\u00fdch sout\u011b\u017e\u00ed.<\/strong> K nej\u00fasp\u011b\u0161n\u011bj\u0161\u00edm pat\u0159\u00ed <strong><a href=\"wp-content\/uploads\/puvodni\/upload\/201208\/402900_407362845989914_631471802_n.jpg\" target=\"_blank\" rel=\"noopener noreferrer\"><img loading=\"lazy\" class=\"alignleft\" src=\"wp-content\/uploads\/puvodni\/upload\/201208\/23\/402900_407362845989914_631471802_n_150x223.jpg\" alt=\"\" width=\"150\" height=\"223\"><\/a><\/strong><strong>Bo\u017eena Perdykulov\u00e1,<\/strong> kter\u00e1 z\u00edskala bronzovou medaili ve fin\u00e1le ME na p\u0159eskoku<strong>,<\/strong> d\u00e1le <strong><a href=\"http:\/\/www.youtube.com\/watch?v=PTIb-qAdYT0\" target=\"_blank\" rel=\"noopener noreferrer\">Alena D\u0159evjan\u00e1<\/a> a Ivona Krmelov\u00e1 &#8211;<\/strong> \u00fa\u010dastnice <strong>OH v&nbsp;Soulu, Lenka Tichop\u00e1dov\u00e1, <a href=\"http:\/\/www.youtube.com\/watch?v=3tU-9QbHT-c\" target=\"_blank\" rel=\"noopener noreferrer\">Pavla Kinclov\u00e1<\/a>, <a href=\"http:\/\/cs.wikipedia.org\/wiki\/Daniela_B%C3%A1rtov%C3%A1\" target=\"_blank\" rel=\"noopener noreferrer\">Dana B\u00e1rtov\u00e1<\/a>, <a href=\"http:\/\/www.youtube.com\/watch?v=BXC4OsXt8VQ&amp;feature=relmfu\" target=\"_blank\" rel=\"noopener noreferrer\">Kl\u00e1ra Kud\u00edlkov\u00e1<\/a>,<\/strong> finalistka MS na p\u0159eskoku v&nbsp;Birminghamu <strong><a href=\"http:\/\/www.youtube.com\/watch?v=lpgrYCwGkTY&amp;feature=related\" target=\"_blank\" rel=\"noopener noreferrer\">Gabriela Kr\u010dm\u00e1\u0159ov\u00e1<\/a>,<\/strong> kter\u00e1 se z\u00fa\u010dastnila <strong>OH v&nbsp;Atlant\u011b<\/strong>,&nbsp; <strong>Kate\u0159ina Pan\u00fdrkov\u00e1, Zuzana Obo\u0148ov\u00e1<\/strong> a dal\u0161\u00ed.<\/p>\n<p>Mezi na\u0161e nejlep\u0161\u00ed tren\u00e9ry se \u0159ad\u00ed <strong>Libu\u0161e Mayerhoferov\u00e1<\/strong>, jej\u00ed\u017e nejlep\u0161\u00ed sv\u011b\u0159enkyn\u011b startovaly na Olympijsk\u00fdch hr\u00e1ch, ale tak\u00e9 na Mistrovstv\u00ed sv\u011bta a Evropy. V\u00edce&nbsp;<a href=\"http:\/\/gkvitkovice.cz\/?page_id=29\">ZDE<\/a>.<\/p>\n<p><strong><span style=\"font-family: 'Georgia',serif; color: #333333;\">Nejlep\u0161\u00ed v\u00fdsledky<\/span><\/strong><\/p>\n<p>6. m\u00edsto dru\u017estva GK V\u00edtkovice na ME TeamGym 2006, 2008 a 2010<\/p>\n<p><strong><span style=\"font-family: 'Georgia',serif; color: #333333;\">Mistrovsk\u00e9 tituly jednotlivc\u016f<\/span><\/strong><\/p>\n<p>Nikola Fu\u010dkov\u00e1<\/p>\n<p>Barbora Uhrov\u00e1 &#8211; 2007, 2008, 2009<\/p>\n<p>Tereza Kinclov\u00e1 &#8211; 2012<\/p>\n<p>Filip Vymyslick\u00fd<\/p>\n<p>Mark\u00e9ta Kol\u00e1\u0159ov\u00e1<\/p>\n<p>Veronika Feren\u010d\u00edkov\u00e1 &#8211; 2013<\/p>\n<p>Ren\u00e1ta \u0160trobl\u00edkov\u00e1 &#8211; 2014<\/p>\n<p>Nela \u0160t\u011bpandov\u00e1 &#8211; 2016, 2018<\/p>\n<p>Laura Smolecov\u00e1 &#8211; 2017<\/p>\n<p>Linda Rakov\u00e1 &#8211; 2019<\/p>\n<p>Frederika Prutkayov\u00e1 &#8211; 2021<\/p>\n<p>Julie Biolkov\u00e1 &#8211; 2021<\/p>\n<p>Liliana Mlyn\u00e1\u0159ov\u00e1 &#8211; 2024<\/p>\n<p>Tereza Prouzov\u00e1 &#8211; 2024<\/p>\n<p><strong><span style=\"font-family: 'Georgia',serif; color: #333333;\">Extraliga<\/span><\/strong><\/p>\n<p>2. m\u00edsto 2007<\/p>\n<p>3. m\u00edsto 2008<\/p>\n<p><strong><span style=\"font-family: 'Georgia',serif; color: #333333;\">I. liga<\/span><\/strong><\/p>\n<p>2. m\u00edsto 2010<\/p>\n<p>3. m\u00edsto 2012<\/p>\n<p><strong><span style=\"font-family: 'Georgia',serif; color: #333333;\">II. liga<\/span><\/strong><\/p>\n<p>2. m\u00edsto 2011<\/p>\n<p>3. m\u00edsto 2012<\/p>\n<p>2. m\u00edsto 2013<\/p>\n<p>1. m\u00edsto 2014<\/p>\n<p>3. m\u00edsto 2022<\/p>\n<p><span style=\"font-family: 'Georgia',serif; color: #333333;\">&nbsp;<\/span><\/p>\n<p><strong><span style=\"font-family: 'Georgia',serif; color: #333333;\">\u010clenov\u00e9 na\u0161eho klubu se v\u0161ak mohou pochlubit i mnoh\u00fdmi dal\u0161\u00edmi medailov\u00fdmi a fin\u00e1lov\u00fdmi um\u00edst\u011bn\u00edmi. <\/span><\/strong><\/p>\n<p><strong><span style=\"font-family: 'Georgia',serif; color: #333333;\">Video&nbsp;<a href=\"http:\/\/www.youtube.com\/watch?v=ZQUatc03EXA\" target=\"_blank\" rel=\"noopener noreferrer\">zde<\/a>.<\/span><\/strong><\/p>\n<p>Klub je \u010dinn\u00fd rovn\u011b\u017e na poli organiza\u010dn\u00edm. N\u011bkolikr\u00e1t jsme \u00fasp\u011b\u0161n\u011b po\u0159\u00e1dali Mistrovstv\u00ed mu\u017e\u016f a \u017een ve sportovn\u00ed gymnastice a skoc\u00edch na trampol\u00edn\u011b. Ka\u017edoro\u010dn\u011b po\u0159\u00e1d\u00e1me mezin\u00e1rodn\u00ed z\u00e1vod <strong>GK V\u00edtkovice Cup<\/strong>, kter\u00fd pat\u0159\u00ed mezi presti\u017en\u00ed gymnastick\u00e9 akce. V\u011bt\u0161ina z\u00e1vod\u016f je komentov\u00e1na tiskem a mnohdy p\u0159en\u00e1\u0161ena televiz\u00ed.<\/p>\n\n\n<figure class=\"wp-block-gallery columns-3 is-cropped\"><ul class=\"blocks-gallery-grid\"><li class=\"blocks-gallery-item\"><figure><a href=\"http:\/\/gkvitkovice.cz\/wp-content\/uploads\/2026\/03\/Klara-Kudilkova.jpg\"><img loading=\"lazy\" width=\"304\" height=\"400\" src=\"https:\/\/gkvitkovice.cz\/wp-content\/uploads\/2026\/03\/Klara-Kudilkova.jpg\" alt=\"\" data-id=\"7697\" data-full-url=\"http:\/\/gkvitkovice.cz\/wp-content\/uploads\/2026\/03\/Klara-Kudilkova.jpg\" data-link=\"https:\/\/gkvitkovice.cz\/?attachment_id=7697\" class=\"wp-image-7697\" srcset=\"https:\/\/gkvitkovice.cz\/wp-content\/uploads\/2026\/03\/Klara-Kudilkova.jpg 304w, https:\/\/gkvitkovice.cz\/wp-content\/uploads\/2026\/03\/Klara-Kudilkova-228x300.jpg 228w\" sizes=\"(max-width: 304px) 100vw, 304px\" \/><\/a><figcaption class=\"blocks-gallery-item__caption\">Kl\u00e1ra Kud\u00edlkov\u00e1<\/figcaption><\/figure><\/li><li class=\"blocks-gallery-item\"><figure><a href=\"http:\/\/gkvitkovice.cz\/wp-content\/uploads\/2026\/03\/TeamGym-2008.jpg\"><img loading=\"lazy\" width=\"539\" height=\"398\" src=\"https:\/\/gkvitkovice.cz\/wp-content\/uploads\/2026\/03\/TeamGym-2008.jpg\" alt=\"\" data-id=\"7698\" data-full-url=\"http:\/\/gkvitkovice.cz\/wp-content\/uploads\/2026\/03\/TeamGym-2008.jpg\" data-link=\"https:\/\/gkvitkovice.cz\/?attachment_id=7698\" class=\"wp-image-7698\" srcset=\"https:\/\/gkvitkovice.cz\/wp-content\/uploads\/2026\/03\/TeamGym-2008.jpg 539w, https:\/\/gkvitkovice.cz\/wp-content\/uploads\/2026\/03\/TeamGym-2008-300x222.jpg 300w\" sizes=\"(max-width: 539px) 100vw, 539px\" \/><\/a><figcaption class=\"blocks-gallery-item__caption\">TeamGym 2008<\/figcaption><\/figure><\/li><li class=\"blocks-gallery-item\"><figure><a href=\"http:\/\/gkvitkovice.cz\/wp-content\/uploads\/2026\/03\/GK-Vitkovice.jpg\"><img loading=\"lazy\" width=\"604\" height=\"479\" src=\"https:\/\/gkvitkovice.cz\/wp-content\/uploads\/2026\/03\/GK-Vitkovice.jpg\" alt=\"\" data-id=\"7699\" data-full-url=\"http:\/\/gkvitkovice.cz\/wp-content\/uploads\/2026\/03\/GK-Vitkovice.jpg\" data-link=\"https:\/\/gkvitkovice.cz\/?attachment_id=7699\" class=\"wp-image-7699\" srcset=\"https:\/\/gkvitkovice.cz\/wp-content\/uploads\/2026\/03\/GK-Vitkovice.jpg 604w, https:\/\/gkvitkovice.cz\/wp-content\/uploads\/2026\/03\/GK-Vitkovice-300x238.jpg 300w\" sizes=\"(max-width: 604px) 100vw, 604px\" \/><\/a><figcaption class=\"blocks-gallery-item__caption\">GK V\u00edtkovice<\/figcaption><\/figure><\/li><li class=\"blocks-gallery-item\"><figure><a href=\"http:\/\/gkvitkovice.cz\/wp-content\/uploads\/2026\/03\/L.-Mayerhoferova-s-V.-Caslavskou.jpg\"><img loading=\"lazy\" width=\"683\" height=\"503\" src=\"https:\/\/gkvitkovice.cz\/wp-content\/uploads\/2026\/03\/L.-Mayerhoferova-s-V.-Caslavskou.jpg\" alt=\"\" data-id=\"7700\" data-full-url=\"http:\/\/gkvitkovice.cz\/wp-content\/uploads\/2026\/03\/L.-Mayerhoferova-s-V.-Caslavskou.jpg\" data-link=\"https:\/\/gkvitkovice.cz\/?attachment_id=7700\" class=\"wp-image-7700\" srcset=\"https:\/\/gkvitkovice.cz\/wp-content\/uploads\/2026\/03\/L.-Mayerhoferova-s-V.-Caslavskou.jpg 683w, https:\/\/gkvitkovice.cz\/wp-content\/uploads\/2026\/03\/L.-Mayerhoferova-s-V.-Caslavskou-300x221.jpg 300w\" sizes=\"(max-width: 683px) 100vw, 683px\" \/><\/a><figcaption class=\"blocks-gallery-item__caption\">L. Mayerhoferov\u00e1 s V. \u010c\u00e1slavskou<\/figcaption><\/figure><\/li><li class=\"blocks-gallery-item\"><figure><a href=\"http:\/\/gkvitkovice.cz\/wp-content\/uploads\/2026\/03\/Jiri-Tabak.jpg\"><img loading=\"lazy\" width=\"412\" height=\"600\" src=\"https:\/\/gkvitkovice.cz\/wp-content\/uploads\/2026\/03\/Jiri-Tabak.jpg\" alt=\"\" data-id=\"7701\" data-full-url=\"http:\/\/gkvitkovice.cz\/wp-content\/uploads\/2026\/03\/Jiri-Tabak.jpg\" data-link=\"https:\/\/gkvitkovice.cz\/?attachment_id=7701\" class=\"wp-image-7701\" srcset=\"https:\/\/gkvitkovice.cz\/wp-content\/uploads\/2026\/03\/Jiri-Tabak.jpg 412w, https:\/\/gkvitkovice.cz\/wp-content\/uploads\/2026\/03\/Jiri-Tabak-206x300.jpg 206w\" sizes=\"(max-width: 412px) 100vw, 412px\" \/><\/a><figcaption class=\"blocks-gallery-item__caption\">Ji\u0159\u00ed Tab\u00e1k<\/figcaption><\/figure><\/li><li class=\"blocks-gallery-item\"><figure><a href=\"http:\/\/gkvitkovice.cz\/wp-content\/uploads\/2026\/03\/Lenka-Tichopadova.jpg\"><img loading=\"lazy\" width=\"400\" height=\"600\" src=\"https:\/\/gkvitkovice.cz\/wp-content\/uploads\/2026\/03\/Lenka-Tichopadova.jpg\" alt=\"\" data-id=\"7702\" data-full-url=\"http:\/\/gkvitkovice.cz\/wp-content\/uploads\/2026\/03\/Lenka-Tichopadova.jpg\" data-link=\"https:\/\/gkvitkovice.cz\/?attachment_id=7702\" class=\"wp-image-7702\" srcset=\"https:\/\/gkvitkovice.cz\/wp-content\/uploads\/2026\/03\/Lenka-Tichopadova.jpg 400w, https:\/\/gkvitkovice.cz\/wp-content\/uploads\/2026\/03\/Lenka-Tichopadova-200x300.jpg 200w\" sizes=\"(max-width: 400px) 100vw, 400px\" \/><\/a><figcaption class=\"blocks-gallery-item__caption\">Lenka Tichop\u00e1dov\u00e1<\/figcaption><\/figure><\/li><li class=\"blocks-gallery-item\"><figure><a href=\"http:\/\/gkvitkovice.cz\/wp-content\/uploads\/2026\/03\/Milos-Najzar.jpg\"><img loading=\"lazy\" width=\"475\" height=\"600\" src=\"https:\/\/gkvitkovice.cz\/wp-content\/uploads\/2026\/03\/Milos-Najzar.jpg\" alt=\"\" data-id=\"7703\" data-full-url=\"http:\/\/gkvitkovice.cz\/wp-content\/uploads\/2026\/03\/Milos-Najzar.jpg\" data-link=\"https:\/\/gkvitkovice.cz\/?attachment_id=7703\" class=\"wp-image-7703\" srcset=\"https:\/\/gkvitkovice.cz\/wp-content\/uploads\/2026\/03\/Milos-Najzar.jpg 475w, https:\/\/gkvitkovice.cz\/wp-content\/uploads\/2026\/03\/Milos-Najzar-238x300.jpg 238w\" sizes=\"(max-width: 475px) 100vw, 475px\" \/><\/a><figcaption class=\"blocks-gallery-item__caption\">Milo\u0161 Najzar<\/figcaption><\/figure><\/li><li class=\"blocks-gallery-item\"><figure><a href=\"http:\/\/gkvitkovice.cz\/wp-content\/uploads\/2026\/03\/Lucie-Kasovska.jpg\"><img loading=\"lazy\" width=\"400\" height=\"600\" src=\"https:\/\/gkvitkovice.cz\/wp-content\/uploads\/2026\/03\/Lucie-Kasovska.jpg\" alt=\"\" data-id=\"7704\" data-full-url=\"http:\/\/gkvitkovice.cz\/wp-content\/uploads\/2026\/03\/Lucie-Kasovska.jpg\" data-link=\"https:\/\/gkvitkovice.cz\/?attachment_id=7704\" class=\"wp-image-7704\" srcset=\"https:\/\/gkvitkovice.cz\/wp-content\/uploads\/2026\/03\/Lucie-Kasovska.jpg 400w, https:\/\/gkvitkovice.cz\/wp-content\/uploads\/2026\/03\/Lucie-Kasovska-200x300.jpg 200w\" sizes=\"(max-width: 400px) 100vw, 400px\" \/><\/a><figcaption class=\"blocks-gallery-item__caption\">Lucie Ka\u0161ovsk\u00e1<\/figcaption><\/figure><\/li><li class=\"blocks-gallery-item\"><figure><a href=\"http:\/\/gkvitkovice.cz\/wp-content\/uploads\/2026\/03\/Alena-Drevjana.jpg\"><img loading=\"lazy\" width=\"412\" height=\"600\" src=\"https:\/\/gkvitkovice.cz\/wp-content\/uploads\/2026\/03\/Alena-Drevjana.jpg\" alt=\"\" data-id=\"7705\" data-full-url=\"http:\/\/gkvitkovice.cz\/wp-content\/uploads\/2026\/03\/Alena-Drevjana.jpg\" data-link=\"https:\/\/gkvitkovice.cz\/?attachment_id=7705\" class=\"wp-image-7705\" srcset=\"https:\/\/gkvitkovice.cz\/wp-content\/uploads\/2026\/03\/Alena-Drevjana.jpg 412w, https:\/\/gkvitkovice.cz\/wp-content\/uploads\/2026\/03\/Alena-Drevjana-206x300.jpg 206w\" sizes=\"(max-width: 412px) 100vw, 412px\" \/><\/a><figcaption class=\"blocks-gallery-item__caption\">Alena D\u0159evjan\u00e1<\/figcaption><\/figure><\/li><li class=\"blocks-gallery-item\"><figure><a href=\"http:\/\/gkvitkovice.cz\/wp-content\/uploads\/2026\/03\/Radka-Zemanova.jpg\"><img loading=\"lazy\" width=\"400\" height=\"600\" src=\"https:\/\/gkvitkovice.cz\/wp-content\/uploads\/2026\/03\/Radka-Zemanova.jpg\" alt=\"\" data-id=\"7706\" data-full-url=\"http:\/\/gkvitkovice.cz\/wp-content\/uploads\/2026\/03\/Radka-Zemanova.jpg\" data-link=\"https:\/\/gkvitkovice.cz\/?attachment_id=7706\" class=\"wp-image-7706\" srcset=\"https:\/\/gkvitkovice.cz\/wp-content\/uploads\/2026\/03\/Radka-Zemanova.jpg 400w, https:\/\/gkvitkovice.cz\/wp-content\/uploads\/2026\/03\/Radka-Zemanova-200x300.jpg 200w\" sizes=\"(max-width: 400px) 100vw, 400px\" \/><\/a><figcaption class=\"blocks-gallery-item__caption\">Radka Zemanov\u00e1<\/figcaption><\/figure><\/li><li class=\"blocks-gallery-item\"><figure><a href=\"http:\/\/gkvitkovice.cz\/wp-content\/uploads\/2026\/03\/Daniela-Bartova.jpg\"><img loading=\"lazy\" width=\"468\" height=\"600\" src=\"https:\/\/gkvitkovice.cz\/wp-content\/uploads\/2026\/03\/Daniela-Bartova.jpg\" alt=\"\" data-id=\"7707\" data-full-url=\"http:\/\/gkvitkovice.cz\/wp-content\/uploads\/2026\/03\/Daniela-Bartova.jpg\" data-link=\"https:\/\/gkvitkovice.cz\/?attachment_id=7707\" class=\"wp-image-7707\" srcset=\"https:\/\/gkvitkovice.cz\/wp-content\/uploads\/2026\/03\/Daniela-Bartova.jpg 468w, https:\/\/gkvitkovice.cz\/wp-content\/uploads\/2026\/03\/Daniela-Bartova-234x300.jpg 234w\" sizes=\"(max-width: 468px) 100vw, 468px\" \/><\/a><figcaption class=\"blocks-gallery-item__caption\">Daniela B\u00e1rtov\u00e1<\/figcaption><\/figure><\/li><li class=\"blocks-gallery-item\"><figure><a href=\"http:\/\/gkvitkovice.cz\/wp-content\/uploads\/2026\/03\/Klara-Kudilkova-2.jpg\"><img loading=\"lazy\" width=\"400\" height=\"600\" src=\"https:\/\/gkvitkovice.cz\/wp-content\/uploads\/2026\/03\/Klara-Kudilkova-2.jpg\" alt=\"\" data-id=\"7708\" data-full-url=\"http:\/\/gkvitkovice.cz\/wp-content\/uploads\/2026\/03\/Klara-Kudilkova-2.jpg\" data-link=\"https:\/\/gkvitkovice.cz\/?attachment_id=7708\" class=\"wp-image-7708\" srcset=\"https:\/\/gkvitkovice.cz\/wp-content\/uploads\/2026\/03\/Klara-Kudilkova-2.jpg 400w, https:\/\/gkvitkovice.cz\/wp-content\/uploads\/2026\/03\/Klara-Kudilkova-2-200x300.jpg 200w\" sizes=\"(max-width: 400px) 100vw, 400px\" \/><\/a><figcaption class=\"blocks-gallery-item__caption\">Kl\u00e1ra Kud\u00edlkov\u00e1<\/figcaption><\/figure><\/li><li class=\"blocks-gallery-item\"><figure><a href=\"http:\/\/gkvitkovice.cz\/wp-content\/uploads\/2026\/03\/Petr-Netrebsky.jpg\"><img loading=\"lazy\" width=\"421\" height=\"600\" src=\"https:\/\/gkvitkovice.cz\/wp-content\/uploads\/2026\/03\/Petr-Netrebsky.jpg\" alt=\"\" data-id=\"7709\" data-full-url=\"http:\/\/gkvitkovice.cz\/wp-content\/uploads\/2026\/03\/Petr-Netrebsky.jpg\" data-link=\"https:\/\/gkvitkovice.cz\/?attachment_id=7709\" class=\"wp-image-7709\" srcset=\"https:\/\/gkvitkovice.cz\/wp-content\/uploads\/2026\/03\/Petr-Netrebsky.jpg 421w, https:\/\/gkvitkovice.cz\/wp-content\/uploads\/2026\/03\/Petr-Netrebsky-211x300.jpg 211w\" sizes=\"(max-width: 421px) 100vw, 421px\" \/><\/a><figcaption class=\"blocks-gallery-item__caption\">Petr Net\u0159ebsk\u00fd<\/figcaption><\/figure><\/li><li class=\"blocks-gallery-item\"><figure><a href=\"http:\/\/gkvitkovice.cz\/wp-content\/uploads\/2026\/03\/GK-Vitkovice-2.jpg\"><img loading=\"lazy\" width=\"604\" height=\"413\" src=\"https:\/\/gkvitkovice.cz\/wp-content\/uploads\/2026\/03\/GK-Vitkovice-2.jpg\" alt=\"\" data-id=\"7710\" data-full-url=\"http:\/\/gkvitkovice.cz\/wp-content\/uploads\/2026\/03\/GK-Vitkovice-2.jpg\" data-link=\"https:\/\/gkvitkovice.cz\/?attachment_id=7710\" class=\"wp-image-7710\" srcset=\"https:\/\/gkvitkovice.cz\/wp-content\/uploads\/2026\/03\/GK-Vitkovice-2.jpg 604w, https:\/\/gkvitkovice.cz\/wp-content\/uploads\/2026\/03\/GK-Vitkovice-2-300x205.jpg 300w, https:\/\/gkvitkovice.cz\/wp-content\/uploads\/2026\/03\/GK-Vitkovice-2-130x90.jpg 130w\" sizes=\"(max-width: 604px) 100vw, 604px\" \/><\/a><figcaption class=\"blocks-gallery-item__caption\">GK V\u00edtkovice<\/figcaption><\/figure><\/li><li class=\"blocks-gallery-item\"><figure><a href=\"http:\/\/gkvitkovice.cz\/wp-content\/uploads\/2026\/03\/GK-Vitkovice-1989.jpg\"><img loading=\"lazy\" width=\"604\" height=\"413\" src=\"https:\/\/gkvitkovice.cz\/wp-content\/uploads\/2026\/03\/GK-Vitkovice-1989.jpg\" alt=\"\" data-id=\"7711\" data-full-url=\"http:\/\/gkvitkovice.cz\/wp-content\/uploads\/2026\/03\/GK-Vitkovice-1989.jpg\" data-link=\"https:\/\/gkvitkovice.cz\/?attachment_id=7711\" class=\"wp-image-7711\" srcset=\"https:\/\/gkvitkovice.cz\/wp-content\/uploads\/2026\/03\/GK-Vitkovice-1989.jpg 604w, https:\/\/gkvitkovice.cz\/wp-content\/uploads\/2026\/03\/GK-Vitkovice-1989-300x205.jpg 300w, https:\/\/gkvitkovice.cz\/wp-content\/uploads\/2026\/03\/GK-Vitkovice-1989-130x90.jpg 130w\" sizes=\"(max-width: 604px) 100vw, 604px\" \/><\/a><figcaption class=\"blocks-gallery-item__caption\">GK V\u00edtkovice 1989<\/figcaption><\/figure><\/li><li class=\"blocks-gallery-item\"><figure><a href=\"http:\/\/gkvitkovice.cz\/wp-content\/uploads\/2026\/03\/Gymnastky-GK-Vitkovice.jpg\"><img loading=\"lazy\" width=\"800\" height=\"548\" src=\"https:\/\/gkvitkovice.cz\/wp-content\/uploads\/2026\/03\/Gymnastky-GK-Vitkovice.jpg\" alt=\"\" data-id=\"7712\" data-full-url=\"http:\/\/gkvitkovice.cz\/wp-content\/uploads\/2026\/03\/Gymnastky-GK-Vitkovice.jpg\" data-link=\"https:\/\/gkvitkovice.cz\/?attachment_id=7712\" class=\"wp-image-7712\" srcset=\"https:\/\/gkvitkovice.cz\/wp-content\/uploads\/2026\/03\/Gymnastky-GK-Vitkovice.jpg 800w, https:\/\/gkvitkovice.cz\/wp-content\/uploads\/2026\/03\/Gymnastky-GK-Vitkovice-300x206.jpg 300w, https:\/\/gkvitkovice.cz\/wp-content\/uploads\/2026\/03\/Gymnastky-GK-Vitkovice-768x526.jpg 768w, https:\/\/gkvitkovice.cz\/wp-content\/uploads\/2026\/03\/Gymnastky-GK-Vitkovice-130x90.jpg 130w\" sizes=\"(max-width: 800px) 100vw, 800px\" \/><\/a><figcaption class=\"blocks-gallery-item__caption\">Gymnastky GK V\u00edtkovice<\/figcaption><\/figure><\/li><li class=\"blocks-gallery-item\"><figure><a href=\"http:\/\/gkvitkovice.cz\/wp-content\/uploads\/2026\/03\/Z.-Obonova-s-K.-Panyrkovou-na-ME.jpg\"><img loading=\"lazy\" width=\"720\" height=\"505\" src=\"https:\/\/gkvitkovice.cz\/wp-content\/uploads\/2026\/03\/Z.-Obonova-s-K.-Panyrkovou-na-ME.jpg\" alt=\"\" data-id=\"7713\" data-full-url=\"http:\/\/gkvitkovice.cz\/wp-content\/uploads\/2026\/03\/Z.-Obonova-s-K.-Panyrkovou-na-ME.jpg\" data-link=\"https:\/\/gkvitkovice.cz\/?attachment_id=7713\" class=\"wp-image-7713\" srcset=\"https:\/\/gkvitkovice.cz\/wp-content\/uploads\/2026\/03\/Z.-Obonova-s-K.-Panyrkovou-na-ME.jpg 720w, https:\/\/gkvitkovice.cz\/wp-content\/uploads\/2026\/03\/Z.-Obonova-s-K.-Panyrkovou-na-ME-300x210.jpg 300w, https:\/\/gkvitkovice.cz\/wp-content\/uploads\/2026\/03\/Z.-Obonova-s-K.-Panyrkovou-na-ME-130x90.jpg 130w\" sizes=\"(max-width: 720px) 100vw, 720px\" \/><\/a><figcaption class=\"blocks-gallery-item__caption\">Z. Obo\u0148ov\u00e1 s K. Pan\u00fdrkovou na ME<\/figcaption><\/figure><\/li><\/ul><\/figure>\n\n\n\n<p><\/p>\n","protected":false},"excerpt":{"rendered":"<p>&nbsp; Gymnastick\u00fd klub V\u00edtkovice byl zalo\u017een v roce 1964 jako sou\u010d\u00e1st mimo\u0161koln\u00ed sportovn\u00ed v\u00fdchovy St\u0159edn\u00edho odborn\u00e9ho u\u010dili\u0161t\u011b V\u00edtkovice. Postupn\u011b se<\/p>\n","protected":false},"author":2,"featured_media":0,"parent":0,"menu_order":0,"comment_status":"open","ping_status":"closed","template":"","meta":[],"_links":{"self":[{"href":"https:\/\/gkvitkovice.cz\/index.php?rest_route=\/wp\/v2\/pages\/15"}],"collection":[{"href":"https:\/\/gkvitkovice.cz\/index.php?rest_route=\/wp\/v2\/pages"}],"about":[{"href":"https:\/\/gkvitkovice.cz\/index.php?rest_route=\/wp\/v2\/types\/page"}],"author":[{"embeddable":true,"href":"https:\/\/gkvitkovice.cz\/index.php?rest_route=\/wp\/v2\/users\/2"}],"replies":[{"embeddable":true,"href":"https:\/\/gkvitkovice.cz\/index.php?rest_route=%2Fwp%2Fv2%2Fcomments&post=15"}],"version-history":[{"count":17,"href":"https:\/\/gkvitkovice.cz\/index.php?rest_route=\/wp\/v2\/pages\/15\/revisions"}],"predecessor-version":[{"id":7715,"href":"https:\/\/gkvitkovice.cz\/index.php?rest_route=\/wp\/v2\/pages\/15\/revisions\/7715"}],"wp:attachment":[{"href":"https:\/\/gkvitkovice.cz\/index.php?rest_route=%2Fwp%2Fv2%2Fmedia&parent=15"}],"curies":[{"name":"wp","href":"https:\/\/api.w.org\/{rel}","templated":true}]}}