{"id":6,"date":"2017-01-19T19:39:42","date_gmt":"2017-01-19T19:39:42","guid":{"rendered":"http:\/\/www.gkvitkovice.cz\/Vedeni-oddilu.html"},"modified":"2026-03-26T08:50:57","modified_gmt":"2026-03-26T08:50:57","slug":"vedeni-oddilu","status":"publish","type":"page","link":"https:\/\/gkvitkovice.cz\/?page_id=6","title":{"rendered":"N\u00e1\u0161 gymnastick\u00fd odd\u00edl"},"content":{"rendered":"<div id=\"fb-root\">&nbsp;<\/div>\n<p><script type=\"text\/javascript\"> \/\/ <![CDATA[ (function(d, s, id) { var js, fjs = d.getElementsByTagName(s)[0]; if (d.getElementById(id)) return; js = d.createElement(s); js.id = id; js.src = \"\/\/connect.facebook.net\/cs_CZ\/sdk.js#xfbml=1&#038;version=v2.5\"; fjs.parentNode.insertBefore(js, fjs); }(document, 'script', 'facebook-jssdk')); \/\/ ]]> <\/script><\/p>\n<p style=\"text-align: left;\"><span style=\"font-size: large;\"><em><strong style=\"font-size: large; text-decoration: underline; color: #3366ff;\">Veden\u00ed odd\u00edlu:<\/strong><\/em><\/span><\/p>\n<table border=\"0\">\n<tbody>\n<tr>\n<td><strong>P\u0159edseda:<\/strong><\/td>\n<td>Ing. Peter SUCH\u00dd<\/td>\n<\/tr>\n<tr>\n<td><strong>Pokladn\u00edk:<\/strong><\/td>\n<td>Mgr. Gabriela HYNEK<\/td>\n<\/tr>\n<\/tbody>\n<\/table>\n<p><span style=\"text-decoration: underline; color: #3366ff;\"><em><strong><span style=\"font-size: large; text-decoration: underline;\">\u010clenov\u00e9 v\u00fdkonn\u00e9ho v\u00fdboru:<\/span><\/strong><\/em><\/span><\/p>\n<table border=\"0\">\n<tbody>\n<tr>\n<td>Karla ADAM\u00cdKOV\u00c1<\/td>\n<\/tr>\n<tr>\n<td>Mgr. Sv\u011btlana GRMELOV\u00c1<\/td>\n<\/tr>\n<tr>\n<td>Mgr. Gabriela HYNEK<\/td>\n<\/tr>\n<tr>\n<td>Mgr. Hana LI\u0160KOV\u00c1<\/td>\n<\/tr>\n<\/tbody>\n<\/table>\n<p><strong><span style=\"text-decoration: underline;\"><em><span style=\"color: #3366ff; text-decoration: underline;\"><span style=\"font-size: large;\"><em><strong><span style=\"font-size: large;\"><span style=\"color: #3366ff; font-size: large;\"><span style=\"line-height: 24px;\"><u>Seznam tren\u00e9r\u016f:<\/u><\/span><\/span><\/span><\/strong><\/em><\/span><\/span><\/em><\/span><\/strong>\u200b<\/p>\n<table style=\"width: 525px; height: 1948px;\" border=\"0\">\n<tbody>\n<tr>\n<td style=\"text-align: center;\"><a href=\"http:\/\/gkvitkovice.cz\/wp-content\/uploads\/2022\/04\/07_FotoTG_4-e1650103587892.jpg\"><img loading=\"lazy\" class=\"size-full wp-image-4638 alignnone\" src=\"http:\/\/gkvitkovice.cz\/wp-content\/uploads\/2022\/04\/07_FotoTG_4-e1650103587892.jpg\" alt=\"\" width=\"100\" height=\"126\"><\/a><\/td>\n<td>\n<p><strong>Karla ADAM\u00cdKOV\u00c1<\/strong><\/p>\n<p><\/p>\n<p>Tren\u00e9r III. t\u0159\u00eddy, rozhod\u010d\u00ed II. t\u0159\u00eddy<\/p>\n<p><span style=\"color: #000000;\"><strong>Z\u00e1vodnice &#8211; VS0A, VS1A, VS2A<\/strong><\/span><\/p>\n<\/td>\n<\/tr>\n<tr>\n<td style=\"text-align: center;\">&nbsp;<\/td>\n<td>\n<p><strong>Hana BURYOV\u00c1<\/strong><\/p>\n<p><\/p>\n<p>Tren\u00e9r II. t\u0159\u00eddy<\/p>\n<p><span style=\"color: #000000;\"><strong>P\u0159\u00edpravka d\u00edvky, rekrea\u010dn\u00ed gymnastika<\/strong><\/span><\/p>\n<\/td>\n<\/tr>\n<tr>\n<td style=\"text-align: center;\">&nbsp;<\/td>\n<td>\n<p><strong>Dominika FRIEDRICHOV\u00c1<\/strong><\/p>\n<p><\/p>\n<p>Tren\u00e9r III. t\u0159\u00eddy<\/p>\n<p><span style=\"color: #000000;\"><strong>P\u0159\u00edpravka d\u00edvky<\/strong><\/span><\/p>\n<\/td>\n<\/tr>\n<tr>\n<td style=\"text-align: center;\"><a href=\"wp-content\/uploads\/puvodni\/upload\/201210\/DSC_0010.jpg\" target=\"_blank\" rel=\"noopener noreferrer\"><img loading=\"lazy\" src=\"wp-content\/uploads\/puvodni\/upload\/201210\/20\/DSC_0010_100x151.jpg\" alt=\"\" width=\"100\" height=\"151\"><\/a><\/td>\n<td><strong>Sv\u011btlana GRMELOV\u00c1<\/strong><p><\/p>\n<p>Tren\u00e9r&nbsp;I. t\u0159\u00eddy, rozhod\u010d\u00ed I. t\u0159\u00eddy<\/p>\n<p><span class=\"st\">Dlouholet\u00e1 tren\u00e9rka sportovn\u00ed gymnastiky<\/span><\/p>\n<p><span style=\"color: #000000;\"><strong>Z\u00e1vodnice &#8211; VS3A, VS4A, VS4B, VS5B, VS6B<\/strong><br><\/span><\/p>\n<\/td>\n<\/tr>\n<tr>\n<td style=\"text-align: center;\"><a href=\"wp-content\/uploads\/puvodni\/upload\/201207\/DSC_0084.jpg\" target=\"_blank\" rel=\"noopener noreferrer\"><img loading=\"lazy\" src=\"wp-content\/uploads\/puvodni\/upload\/201207\/20\/DSC_0084_100x150.jpg\" alt=\"\" width=\"100\" height=\"150\"><\/a><\/td>\n<td><strong>Vendula&nbsp;H\u00c1JKOV\u00c1<\/strong><p><\/p>\n<p>Tren\u00e9r II. t\u0159\u00eddy<\/p>\n<p><strong>Z\u00e1vodnice &#8211; VS3, VS4, VS5<\/strong><\/p>\n<\/td>\n<\/tr>\n<tr>\n<td style=\"text-align: center;\"><a href=\"wp-content\/uploads\/puvodni\/upload\/201601\/IMG_9685.jpg\" target=\"_blank\" rel=\"noopener noreferrer\"><img loading=\"lazy\" src=\"wp-content\/uploads\/puvodni\/upload\/201601\/20\/IMG_9685_100x119.jpg\" alt=\"\" width=\"100\" height=\"119\"><\/a><span style=\"line-height: 1.5;\">&nbsp;<\/span><\/td>\n<td><strong>Gabriela HYNEK<\/strong><p><\/p>\n<p>Tren\u00e9r SG a TG II. t\u0159\u00eddy, rozhod\u010d\u00ed TG III. t\u0159\u00eddy<\/p>\n<p><strong>Z\u00e1vodnice &#8211; teamgymov\u00e1 dru\u017estva juniorek a seniorek<\/strong><\/p>\n<\/td>\n<\/tr>\n<tr>\n<td style=\"text-align: center;\">&nbsp;<a href=\"http:\/\/gkvitkovice.cz\/wp-content\/uploads\/2026\/02\/Kolarova-e1771328182921.jpg\"><img loading=\"lazy\" class=\"aligncenter wp-image-7497 size-full\" src=\"http:\/\/gkvitkovice.cz\/wp-content\/uploads\/2026\/02\/Kolarova-e1771328210849.jpg\" alt=\"\" width=\"100\" height=\"120\"><\/a><\/td>\n<td><strong>Vlad\u011bna KOL\u00c1\u0158OV\u00c1<\/strong><p><\/p>\n<p>Tren\u00e9r SG III. t\u0159\u00eddy<\/p>\n<p><strong>Rekrea\u010dn\u00ed gymnastika<\/strong><\/p>\n<\/td>\n<\/tr>\n<tr>\n<td style=\"text-align: center;\">&nbsp;<a href=\"wp-content\/uploads\/puvodni\/upload\/201610\/IMG_7046-6.jpg\" target=\"_blank\" rel=\"noopener noreferrer\"><img loading=\"lazy\" src=\"wp-content\/uploads\/puvodni\/upload\/201610\/20\/IMG_7046-6_100x106.jpg\" alt=\"\" width=\"100\" height=\"106\"><\/a><\/td>\n<td><strong>Hana LI\u0160KOV\u00c1<\/strong><p><\/p>\n<p>Tren\u00e9r II. t\u0159\u00eddy<\/p>\n<p><strong>Z\u00e1vodnice &#8211; VS3, VS4, VS5<\/strong><\/p>\n<\/td>\n<\/tr>\n<tr>\n<td style=\"text-align: center;\">&nbsp;<a href=\"http:\/\/gkvitkovice.cz\/wp-content\/uploads\/2017\/01\/69581648_1970642809705544_5801499419501133824_o-e1593508408198.jpg\"><img loading=\"lazy\" class=\"aligncenter size-full wp-image-3200\" src=\"http:\/\/gkvitkovice.cz\/wp-content\/uploads\/2017\/01\/69581648_1970642809705544_5801499419501133824_o-e1593508408198.jpg\" alt=\"\" width=\"100\" height=\"169\"><\/a><\/td>\n<td><strong>Nikol MLYN\u00c1\u0158OV\u00c1<\/strong><p><\/p>\n<p>Tren\u00e9r III. t\u0159\u00eddy, rozhod\u010d\u00ed III. t\u0159\u00eddy<\/p>\n<p><strong>P\u0159\u00edpravka d\u00edvky<\/strong><\/p>\n<\/td>\n<\/tr>\n<tr>\n<td style=\"text-align: center;\"><a href=\"wp-content\/uploads\/puvodni\/upload\/201609\/P7262362.jpg\" target=\"_blank\" rel=\"noopener noreferrer\"><img loading=\"lazy\" src=\"wp-content\/uploads\/puvodni\/upload\/201609\/20\/P7262362_100x126.jpg\" alt=\"\" width=\"100\" height=\"126\"><\/a><\/td>\n<td><strong>Hana NOV\u00c1KOV\u00c1<\/strong><p><\/p>\n<p>Tren\u00e9r II. t\u0159\u00eddy<\/p>\n<p><span style=\"color: #000000;\"><strong>Gymnastick\u00e1 \u0161koli\u010dka<\/strong><br><\/span><\/p>\n<\/td>\n<\/tr>\n<tr>\n<td style=\"text-align: center;\">&nbsp;<\/td>\n<td><strong>Petra NOV\u00c1KOV\u00c1<\/strong><p><\/p>\n<p>Tren\u00e9r III. t\u0159\u00eddy<\/p>\n<p><span style=\"color: #000000;\"><strong>Gymnastick\u00e1 \u0161koli\u010dka<\/strong><\/span><\/p>\n<\/td>\n<\/tr>\n<tr>\n<td style=\"text-align: center;\">&nbsp;<\/td>\n<td><strong>Aneta NYKODYMOV\u00c1<\/strong><p><\/p>\n<p>Tren\u00e9r III. t\u0159\u00eddy<\/p>\n<p><strong>P\u0159\u00edpravka d\u00edvky<\/strong><\/p>\n<\/td>\n<\/tr>\n<tr>\n<td style=\"text-align: center;\">&nbsp;<a href=\"http:\/\/gkvitkovice.cz\/wp-content\/uploads\/2017\/01\/IMG_9825-1-e1517173778190.jpg\"><img loading=\"lazy\" class=\"aligncenter size-full wp-image-1696\" src=\"http:\/\/gkvitkovice.cz\/wp-content\/uploads\/2017\/01\/IMG_9825-1-e1517173778190.jpg\" alt=\"\" width=\"100\" height=\"140\"><\/a><\/td>\n<td><strong>Kate\u0159ina ORLICZKOV\u00c1<\/strong><p><\/p>\n<p>Tren\u00e9r III. t\u0159\u00eddy, rozhod\u010d\u00ed II. t\u0159\u00eddy<\/p>\n<p><strong>Z\u00e1vodnice &#8211; VS4, VS5<\/strong><\/p>\n<\/td>\n<\/tr>\n<tr>\n<td>&nbsp;<a href=\"http:\/\/gkvitkovice.cz\/wp-content\/uploads\/2020\/09\/81461363_2827445523943522_6106548148849606656_n-e1600927512882.jpg\"><img loading=\"lazy\" class=\"aligncenter size-full wp-image-3290\" src=\"http:\/\/gkvitkovice.cz\/wp-content\/uploads\/2020\/09\/81461363_2827445523943522_6106548148849606656_n-e1600927512882.jpg\" alt=\"\" width=\"100\" height=\"147\"><\/a><\/td>\n<td><strong>Monika PRUTKAYOV\u00c1<\/strong><p><\/p>\n<p>Tren\u00e9r I. t\u0159\u00eddy, rozhod\u010d\u00ed III. t\u0159\u00eddy<\/p>\n<p><strong>Z\u00e1vodnice &#8211; \u017e\u00e1kyn\u011b A, VS0A-VS4A<\/strong><\/p>\n<\/td>\n<\/tr>\n<tr>\n<td style=\"text-align: center;\">&nbsp;<a href=\"http:\/\/gkvitkovice.cz\/wp-content\/uploads\/2017\/01\/DSC_0472-2-e1517172933546.jpg\"><img loading=\"lazy\" class=\"aligncenter size-full wp-image-1687\" src=\"http:\/\/gkvitkovice.cz\/wp-content\/uploads\/2017\/01\/DSC_0472-2-e1517172933546.jpg\" alt=\"\" width=\"100\" height=\"147\"><\/a><\/td>\n<td><strong>Laura SMOLECOV\u00c1<\/strong><p><\/p>\n<p>Tren\u00e9r III. t\u0159\u00eddy, rozhod\u010d\u00ed III. t\u0159\u00eddy<\/p>\n<p><strong>Z\u00e1vodnice &#8211; VS4, VS5<\/strong><\/p>\n<\/td>\n<\/tr>\n<tr>\n<td style=\"text-align: center;\">&nbsp;<\/td>\n<td><strong>Tereza \u0160NYRYCHOV\u00c1<\/strong><p><\/p>\n<p>Tren\u00e9r III. t\u0159\u00eddy<\/p>\n<p><span style=\"color: #000000;\"><strong>Gymnastick\u00e1 \u0161koli\u010dka<\/strong><\/span><\/p>\n<\/td>\n<\/tr>\n<tr>\n<td style=\"text-align: center;\">&nbsp;<\/td>\n<td><strong>Nela \u0160T\u011aPANDOV\u00c1<\/strong><p><\/p>\n<p>Tren\u00e9r III. t\u0159\u00eddy<\/p>\n<p><strong>P\u0159\u00edpravka d\u00edvky<\/strong><\/p>\n<\/td>\n<\/tr>\n<tr>\n<td style=\"text-align: center;\"><a href=\"wp-content\/uploads\/puvodni\/upload\/201210\/DSC_0017.jpg\" target=\"_blank\" rel=\"noopener noreferrer\"><img loading=\"lazy\" src=\"wp-content\/uploads\/puvodni\/upload\/201210\/20\/DSC_0017_100x151.jpg\" alt=\"\" width=\"100\" height=\"151\"><\/a><\/td>\n<td><strong>Ji\u0159\u00ed KOPEC<\/strong><p><\/p>\n<p>Tren\u00e9r II. t\u0159\u00eddy<\/p>\n<p><strong>Tren\u00e9r&nbsp;chlapc\u016f<\/strong><\/p>\n<\/td>\n<\/tr>\n<tr>\n<td style=\"text-align: center;\"><a href=\"wp-content\/uploads\/puvodni\/upload\/201601\/IMG_3557.jpg\" target=\"_blank\" rel=\"noopener noreferrer\"><img loading=\"lazy\" src=\"wp-content\/uploads\/puvodni\/upload\/201601\/20\/IMG_3557_100x144.jpg\" alt=\"\" width=\"100\" height=\"144\"><\/a><\/td>\n<td><strong>David&nbsp;STAUF\u010c\u00cdK<\/strong><p><\/p>\n<p>Tren\u00e9r III. t\u0159\u00eddy, rozhod\u010d\u00ed III. t\u0159\u00eddy<\/p>\n<p><strong>P\u0159\u00edpravka chlapci<\/strong><\/p>\n<\/td>\n<\/tr>\n<tr>\n<td style=\"text-align: center;\">&nbsp;<\/td>\n<td><strong>Ji\u0159\u00ed STAUF\u010c\u00cdK<\/strong><p><\/p>\n<p>Tren\u00e9r III. t\u0159\u00eddy, rozhod\u010d\u00ed III. t\u0159\u00eddy<\/p>\n<p><strong>P\u0159\u00edpravka chlapci<\/strong><\/p>\n<\/td>\n<\/tr>\n<\/tbody>\n<\/table>\n<table border=\"0\">\n<tbody>\n<tr>\n<td><strong>Mark\u00e9ta \u010c\u00cd\u017dOV\u00c1<\/strong><\/td>\n<td>Rozhod\u010d\u00ed III. t\u0159\u00eddy<\/td>\n<\/tr>\n<tr>\n<td><strong>Jindra JIR\u00c1TOV\u00c1<\/strong><\/td>\n<td>Rozhod\u010d\u00ed TG III. t\u0159\u00eddy<\/td>\n<\/tr>\n<tr>\n<td><strong>Jan LEIKEP<\/strong><\/td>\n<td>Rozhod\u010d\u00ed III. t\u0159\u00eddy<\/td>\n<\/tr>\n<tr>\n<td><strong>Nat\u00e1lie NAJDEKOV\u00c1<\/strong><\/td>\n<td>Rozhod\u010d\u00ed III. t\u0159\u00eddy<\/td>\n<\/tr>\n<tr>\n<td><strong>Lenka PARI\u0160OV\u00c1<\/strong><\/td>\n<td>Rozhod\u010d\u00ed III. t\u0159\u00eddy<\/td>\n<\/tr>\n<tr>\n<td><strong>Peter SUCH\u00dd<\/strong><\/td>\n<td>Rozhod\u010d\u00ed III. t\u0159\u00eddy<\/td>\n<\/tr>\n<tr>\n<td><strong>Lenka \u0160ILEROV\u00c1<\/strong><\/td>\n<td>Rozhod\u010d\u00ed III. t\u0159\u00eddy<\/td>\n<\/tr>\n<tr>\n<td><strong>Ren\u00e1ta \u0160TROBL\u00cdKOV\u00c1<\/strong><\/td>\n<td>Rozhod\u010d\u00ed III. t\u0159\u00eddy<\/td>\n<\/tr>\n<tr>\n<td><strong>Ing. Hana VALOV\u00c1<\/strong><\/td>\n<td>Rozhod\u010d\u00ed II. t\u0159\u00eddy<\/td>\n<\/tr>\n<tr>\n<td><strong>Monika VAVRO\u0160OV\u00c1<\/strong><\/td>\n<td>Rozhod\u010d\u00ed III. t\u0159\u00eddy<\/td>\n<\/tr>\n<\/tbody>\n<\/table>\n<p><strong><span style=\"text-decoration: underline;\"><em><span style=\"color: #3366ff; text-decoration: underline;\"><span style=\"font-size: large;\"><em><strong><span style=\"font-size: large;\"><span style=\"color: #3366ff; font-size: large;\"><span style=\"line-height: 24px;\"><u>&nbsp;<\/u><\/span><\/span><\/span><\/strong><\/em><\/span><\/span><\/em><\/span><\/strong><\/p>\n<h3><span style=\"text-decoration: underline; color: #3366ff;\"><em><strong><span style=\"font-size: large;\"> Revizn\u00ed komise:<\/span><\/strong><\/em><\/span><\/h3>\n<ul>\n<li>Ing. Monika ADAM\u00cdKOV\u00c1<\/li>\n<li>Martin PAPOU\u0160EK<\/li>\n<li>Monika VAVRO\u0160OV\u00c1<\/li>\n<\/ul>\n\n\n<p><\/p>\n","protected":false},"excerpt":{"rendered":"<p>&nbsp; Veden\u00ed odd\u00edlu: P\u0159edseda: Ing. Peter SUCH\u00dd Pokladn\u00edk: Mgr. Gabriela HYNEK \u010clenov\u00e9 v\u00fdkonn\u00e9ho v\u00fdboru: Karla ADAM\u00cdKOV\u00c1 Mgr. Sv\u011btlana GRMELOV\u00c1 Mgr.<\/p>\n","protected":false},"author":2,"featured_media":0,"parent":0,"menu_order":0,"comment_status":"open","ping_status":"closed","template":"","meta":[],"_links":{"self":[{"href":"https:\/\/gkvitkovice.cz\/index.php?rest_route=\/wp\/v2\/pages\/6"}],"collection":[{"href":"https:\/\/gkvitkovice.cz\/index.php?rest_route=\/wp\/v2\/pages"}],"about":[{"href":"https:\/\/gkvitkovice.cz\/index.php?rest_route=\/wp\/v2\/types\/page"}],"author":[{"embeddable":true,"href":"https:\/\/gkvitkovice.cz\/index.php?rest_route=\/wp\/v2\/users\/2"}],"replies":[{"embeddable":true,"href":"https:\/\/gkvitkovice.cz\/index.php?rest_route=%2Fwp%2Fv2%2Fcomments&post=6"}],"version-history":[{"count":134,"href":"https:\/\/gkvitkovice.cz\/index.php?rest_route=\/wp\/v2\/pages\/6\/revisions"}],"predecessor-version":[{"id":7686,"href":"https:\/\/gkvitkovice.cz\/index.php?rest_route=\/wp\/v2\/pages\/6\/revisions\/7686"}],"wp:attachment":[{"href":"https:\/\/gkvitkovice.cz\/index.php?rest_route=%2Fwp%2Fv2%2Fmedia&parent=6"}],"curies":[{"name":"wp","href":"https:\/\/api.w.org\/{rel}","templated":true}]}}